{"id":848,"date":"2018-02-28T07:46:00","date_gmt":"2018-02-28T07:46:00","guid":{"rendered":"http:\/\/sw-themes.com\/porto_dummy\/?page_id=848"},"modified":"2022-03-29T10:20:43","modified_gmt":"2022-03-29T08:20:43","slug":"about-us-2","status":"publish","type":"page","link":"https:\/\/tenpac.fr\/index.php\/about-us-2\/","title":{"rendered":"A propos"},"content":{"rendered":"\t\t<div data-elementor-type=\"wp-post\" data-elementor-id=\"848\" class=\"elementor elementor-848\">\n\t\t\t\t\t\t<section class=\"elementor-section elementor-top-section elementor-element elementor-element-fe7de36 elementor-section-boxed elementor-section-height-default elementor-section-height-default\" data-id=\"fe7de36\" data-element_type=\"section\">\r\n\t\t\r\n\t\t\t\t\t\t\t<div class=\"elementor-container elementor-column-gap-default\">\r\n\t\t\t\t\t\t\t\t\t\t\t<div class=\"elementor-column elementor-col-100 elementor-top-column elementor-element elementor-element-c0df2c6\" data-id=\"c0df2c6\" data-element_type=\"column\">\r\n\t\t\t\t\t<div class=\"elementor-widget-wrap elementor-element-populated\">\r\n\t\t\t\t\t\t\t\t<div class=\"elementor-element elementor-element-0b56226 elementor-widget elementor-widget-heading\" data-id=\"0b56226\" data-element_type=\"widget\" data-widget_type=\"heading.default\">\n\t\t\t\t<div class=\"elementor-widget-container\">\n\t\t\t<h2 class=\"elementor-heading-title elementor-size-default\">LE SPECIALISTE FRANCAIS DES HOUSSES POUR VETEMENTS<\/h2>\t\t<\/div>\n\t\t\t\t<\/div>\n\t\t\t\t<div class=\"elementor-element elementor-element-08791d8 elementor-widget elementor-widget-text-editor\" data-id=\"08791d8\" data-element_type=\"widget\" data-widget_type=\"text-editor.default\">\n\t\t\t\t<div class=\"elementor-widget-container\">\n\t\t\t\t\t\t\t<p><strong>Une gamme large de housses pour r\u00e9pondre \u00e0 tous vos besoins.<\/strong><\/p><p>Depuis 2006, nous sommes \u00e0 l&rsquo;\u00e9coute de nos clients professionnels et r\u00e9pondons \u00e0 toutes vos demandes sp\u00e9cifiques.<\/p><p>Nous s\u00e9lectionnons pour vous les mati\u00e8res et les produits les plus performants pour prot\u00e9ger vos articles. Sp\u00e9cialiste de la housse pour v\u00eatement, nous vous offrons un large choix de housses, au niveau des mati\u00e8res, des formats et des coloris.<\/p><p><strong>Nous valorisons votre image en personnalisant vos housses.<\/strong><\/p><p>Parce que votre image passe avant tout par le d\u00e9tail, nous apportons un soin particulier \u00e0 toutes vos demandes sur-mesure pour vous offrir des housses qui refl\u00e8tent votre image et la valorisent. N&rsquo;h\u00e9sitez pas \u00e0 nous faire de vos demandes particuli\u00e8res.<\/p>\t\t\t\t\t\t<\/div>\n\t\t\t\t<\/div>\n\t\t\t\t\t<\/div>\r\n\t\t\t\t<\/div>\r\n\t\t\t\t\t<\/div>\r\n\t\t\t\t<\/section>\r\n\t\t\t\t<section class=\"elementor-section elementor-top-section elementor-element elementor-element-37db519 elementor-section-boxed elementor-section-height-default elementor-section-height-default\" data-id=\"37db519\" data-element_type=\"section\" data-settings=\"{&quot;background_background&quot;:&quot;classic&quot;}\">\r\n\t\t\r\n\t\t\t\t\t\t\t<div class=\"elementor-container elementor-column-gap-default\">\r\n\t\t\t\t\t\t\t\t\t\t\t<div class=\"elementor-column elementor-col-100 elementor-top-column elementor-element elementor-element-6cb3975\" data-id=\"6cb3975\" data-element_type=\"column\">\r\n\t\t\t\t\t<div class=\"elementor-widget-wrap elementor-element-populated\">\r\n\t\t\t\t\t\t\t\t<div class=\"elementor-element elementor-element-d91d150 elementor-widget elementor-widget-heading\" data-id=\"d91d150\" data-element_type=\"widget\" data-widget_type=\"heading.default\">\n\t\t\t\t<div class=\"elementor-widget-container\">\n\t\t\t<h2 class=\"elementor-heading-title elementor-size-default\">NOS SERVICES<\/h2>\t\t<\/div>\n\t\t\t\t<\/div>\n\t\t\t\t<section class=\"elementor-section elementor-inner-section elementor-element elementor-element-889cca7 elementor-section-boxed elementor-section-height-default elementor-section-height-default\" data-id=\"889cca7\" data-element_type=\"section\">\r\n\t\t\r\n\t\t\t\t\t\t\t<div class=\"elementor-container elementor-column-gap-default\">\r\n\t\t\t\t\t\t\t\t\t\t\t<div class=\"elementor-column elementor-col-33 elementor-inner-column elementor-element elementor-element-e2c5a56\" data-id=\"e2c5a56\" data-element_type=\"column\">\r\n\t\t\t\t\t<div class=\"elementor-widget-wrap elementor-element-populated\">\r\n\t\t\t\t\t\t\t\t<div class=\"elementor-element elementor-element-3a852ca elementor-widget elementor-widget-porto_info_box\" data-id=\"3a852ca\" data-element_type=\"widget\" data-widget_type=\"porto_info_box.default\">\n\t\t\t\t<div class=\"elementor-widget-container\">\n\t\t\t<div class=\"porto-sicon-box style_1 top-icon\"><div class=\"porto-sicon-top\"><div class=\"porto-just-icon-wrapper porto-icon none\" style=\"\"><i class=\"porto-icon-shipped\"><\/i><\/div><\/div><div class=\"porto-sicon-header\"><h3 class=\"porto-sicon-title\" style=\"\">Livraison rapide<\/h3><\/div> <!-- header --><div class=\"porto-sicon-description\" style=\"\" ><p>Nous exp\u00e9dions toutes les commandes pass\u00e9es avant midi le jour m\u00eame depuis notre entrep\u00f4t de Rennes.<\/p><\/div> <!-- description --><\/div><!-- porto-sicon-box -->\t\t<\/div>\n\t\t\t\t<\/div>\n\t\t\t\t\t<\/div>\r\n\t\t\t\t<\/div>\r\n\t\t\t\t<div class=\"elementor-column elementor-col-33 elementor-inner-column elementor-element elementor-element-f31d9e5\" data-id=\"f31d9e5\" data-element_type=\"column\">\r\n\t\t\t\t\t<div class=\"elementor-widget-wrap elementor-element-populated\">\r\n\t\t\t\t\t\t\t\t<div class=\"elementor-element elementor-element-51e3293 elementor-widget elementor-widget-porto_info_box\" data-id=\"51e3293\" data-element_type=\"widget\" data-widget_type=\"porto_info_box.default\">\n\t\t\t\t<div class=\"elementor-widget-container\">\n\t\t\t<div class=\"porto-sicon-box style_1 top-icon\"><div class=\"porto-sicon-top\"><div class=\"porto-just-icon-wrapper porto-icon none\" style=\"\"><i class=\"porto-icon-us-dollar\"><\/i><\/div><\/div><div class=\"porto-sicon-header\"><h3 class=\"porto-sicon-title\" style=\"\">Bon rapport qualit\u00e9\/prix<\/h3><\/div> <!-- header --><div class=\"porto-sicon-description\" style=\"\" ><p>Nous veillons \u00e0 vous en proposer toujours plus pour votre budget et adaptons notre gamme en permanence.<\/p><\/div> <!-- description --><\/div><!-- porto-sicon-box -->\t\t<\/div>\n\t\t\t\t<\/div>\n\t\t\t\t\t<\/div>\r\n\t\t\t\t<\/div>\r\n\t\t\t\t<div class=\"elementor-column elementor-col-33 elementor-inner-column elementor-element elementor-element-db8a04f\" data-id=\"db8a04f\" data-element_type=\"column\">\r\n\t\t\t\t\t<div class=\"elementor-widget-wrap elementor-element-populated\">\r\n\t\t\t\t\t\t\t\t<div class=\"elementor-element elementor-element-4803858 elementor-widget elementor-widget-porto_info_box\" data-id=\"4803858\" data-element_type=\"widget\" data-widget_type=\"porto_info_box.default\">\n\t\t\t\t<div class=\"elementor-widget-container\">\n\t\t\t<div class=\"porto-sicon-box style_1 top-icon\"><div class=\"porto-sicon-top\"><div class=\"porto-just-icon-wrapper porto-icon none\" style=\"\"><i class=\"porto-icon-online-support\"><\/i><\/div><\/div><div class=\"porto-sicon-header\"><h3 class=\"porto-sicon-title\" style=\"\">Conseil personnalis\u00e9<\/h3><\/div> <!-- header --><div class=\"porto-sicon-description\" style=\"\" ><p>Notre \u00e9quipe est \u00e0 votre service pour vous conseiller et vous assister au mieux. N'h\u00e9sitez pas \u00e0 nous solliciter.<\/p><\/div> <!-- description --><\/div><!-- porto-sicon-box -->\t\t<\/div>\n\t\t\t\t<\/div>\n\t\t\t\t\t<\/div>\r\n\t\t\t\t<\/div>\r\n\t\t\t\t\t<\/div>\r\n\t\t\t\t<\/section>\r\n\t\t\t\t\t<\/div>\r\n\t\t\t\t<\/div>\r\n\t\t\t\t\t<\/div>\r\n\t\t\t\t<\/section>\r\n\t\t\t\t<section class=\"elementor-section elementor-top-section elementor-element elementor-element-c7b2b60 elementor-section-boxed elementor-section-height-default elementor-section-height-default\" data-id=\"c7b2b60\" data-element_type=\"section\">\r\n\t\t\r\n\t\t\t\t\t\t\t<div class=\"elementor-container elementor-column-gap-default\">\r\n\t\t\t\t\t\t\t\t\t\t\t<div class=\"elementor-column elementor-col-100 elementor-top-column elementor-element elementor-element-71b4b37\" data-id=\"71b4b37\" data-element_type=\"column\">\r\n\t\t\t\t\t<div class=\"elementor-widget-wrap elementor-element-populated\">\r\n\t\t\t\t\t\t\t\t<div class=\"elementor-element elementor-element-1b0dcf5 elementor-widget elementor-widget-text-editor\" data-id=\"1b0dcf5\" data-element_type=\"widget\" data-widget_type=\"text-editor.default\">\n\t\t\t\t<div class=\"elementor-widget-container\">\n\t\t\t\t\t\t\t<p>Particuliers, visitez notre boutique d\u00e9di\u00e9e \u00e0 la protection de l&rsquo;\u00e9quipement de la maison : <a href=\"https:\/\/hbcollection.fr\/vetements.html\">hbcollection.fr<\/a><\/p>\t\t\t\t\t\t<\/div>\n\t\t\t\t<\/div>\n\t\t\t\t\t<\/div>\r\n\t\t\t\t<\/div>\r\n\t\t\t\t\t<\/div>\r\n\t\t\t\t<\/section>\r\n\t\t\t\t<\/div>\n\t\t","protected":false},"excerpt":{"rendered":"<p>LE SPECIALISTE FRANCAIS DES HOUSSES POUR VETEMENTS Une gamme large de housses pour r\u00e9pondre \u00e0 tous vos besoins. Depuis 2006, nous sommes \u00e0 l&rsquo;\u00e9coute de nos clients professionnels et r\u00e9pondons \u00e0 toutes vos demandes sp\u00e9cifiques. Nous s\u00e9lectionnons pour vous les mati\u00e8res et les produits les plus performants pour prot\u00e9ger vos articles. Sp\u00e9cialiste de la housse [&hellip;]<\/p>\n","protected":false},"author":1,"featured_media":0,"parent":0,"menu_order":0,"comment_status":"closed","ping_status":"closed","template":"","meta":{"footnotes":""},"class_list":["post-848","page","type-page","status-publish","hentry"],"yoast_head":"<!-- This site is optimized with the Yoast SEO plugin v26.7 - https:\/\/yoast.com\/wordpress\/plugins\/seo\/ -->\n<title>A propos - Tenpac<\/title>\n<meta name=\"robots\" content=\"index, follow, max-snippet:-1, max-image-preview:large, max-video-preview:-1\" \/>\n<link rel=\"canonical\" href=\"https:\/\/tenpac.fr\/index.php\/about-us-2\/\" \/>\n<meta property=\"og:locale\" content=\"fr_FR\" \/>\n<meta property=\"og:type\" content=\"article\" \/>\n<meta property=\"og:title\" content=\"A propos - Tenpac\" \/>\n<meta property=\"og:description\" content=\"LE SPECIALISTE FRANCAIS DES HOUSSES POUR VETEMENTS Une gamme large de housses pour r\u00e9pondre \u00e0 tous vos besoins. Depuis 2006, nous sommes \u00e0 l&rsquo;\u00e9coute de nos clients professionnels et r\u00e9pondons \u00e0 toutes vos demandes sp\u00e9cifiques. Nous s\u00e9lectionnons pour vous les mati\u00e8res et les produits les plus performants pour prot\u00e9ger vos articles. Sp\u00e9cialiste de la housse [&hellip;]\" \/>\n<meta property=\"og:url\" content=\"https:\/\/tenpac.fr\/index.php\/about-us-2\/\" \/>\n<meta property=\"og:site_name\" content=\"Tenpac\" \/>\n<meta property=\"article:modified_time\" content=\"2022-03-29T08:20:43+00:00\" \/>\n<meta name=\"twitter:card\" content=\"summary_large_image\" \/>\n<meta name=\"twitter:label1\" content=\"Dur\u00e9e de lecture estim\u00e9e\" \/>\n\t<meta name=\"twitter:data1\" content=\"1 minute\" \/>\n<script type=\"application\/ld+json\" class=\"yoast-schema-graph\">{\"@context\":\"https:\/\/schema.org\",\"@graph\":[{\"@type\":\"WebPage\",\"@id\":\"https:\/\/tenpac.fr\/index.php\/about-us-2\/\",\"url\":\"https:\/\/tenpac.fr\/index.php\/about-us-2\/\",\"name\":\"A propos - Tenpac\",\"isPartOf\":{\"@id\":\"https:\/\/tenpac.fr\/#website\"},\"datePublished\":\"2018-02-28T07:46:00+00:00\",\"dateModified\":\"2022-03-29T08:20:43+00:00\",\"breadcrumb\":{\"@id\":\"https:\/\/tenpac.fr\/index.php\/about-us-2\/#breadcrumb\"},\"inLanguage\":\"fr-FR\",\"potentialAction\":[{\"@type\":\"ReadAction\",\"target\":[\"https:\/\/tenpac.fr\/index.php\/about-us-2\/\"]}]},{\"@type\":\"BreadcrumbList\",\"@id\":\"https:\/\/tenpac.fr\/index.php\/about-us-2\/#breadcrumb\",\"itemListElement\":[{\"@type\":\"ListItem\",\"position\":1,\"name\":\"Accueil\",\"item\":\"https:\/\/tenpac.fr\/\"},{\"@type\":\"ListItem\",\"position\":2,\"name\":\"A propos\"}]},{\"@type\":\"WebSite\",\"@id\":\"https:\/\/tenpac.fr\/#website\",\"url\":\"https:\/\/tenpac.fr\/\",\"name\":\"Tenpac\",\"description\":\"Le sp\u00e9cialiste des housses de v\u00eatements\",\"publisher\":{\"@id\":\"https:\/\/tenpac.fr\/#organization\"},\"potentialAction\":[{\"@type\":\"SearchAction\",\"target\":{\"@type\":\"EntryPoint\",\"urlTemplate\":\"https:\/\/tenpac.fr\/?s={search_term_string}\"},\"query-input\":{\"@type\":\"PropertyValueSpecification\",\"valueRequired\":true,\"valueName\":\"search_term_string\"}}],\"inLanguage\":\"fr-FR\"},{\"@type\":\"Organization\",\"@id\":\"https:\/\/tenpac.fr\/#organization\",\"name\":\"TENPAC\",\"url\":\"https:\/\/tenpac.fr\/\",\"logo\":{\"@type\":\"ImageObject\",\"inLanguage\":\"fr-FR\",\"@id\":\"https:\/\/tenpac.fr\/#\/schema\/logo\/image\/\",\"url\":\"https:\/\/madeleinezu.com\/wp-content\/uploads\/2021\/06\/logojpg.jpg\",\"contentUrl\":\"https:\/\/madeleinezu.com\/wp-content\/uploads\/2021\/06\/logojpg.jpg\",\"width\":156,\"height\":59,\"caption\":\"TENPAC\"},\"image\":{\"@id\":\"https:\/\/tenpac.fr\/#\/schema\/logo\/image\/\"}}]}<\/script>\n<!-- \/ Yoast SEO plugin. -->","yoast_head_json":{"title":"A propos - Tenpac","robots":{"index":"index","follow":"follow","max-snippet":"max-snippet:-1","max-image-preview":"max-image-preview:large","max-video-preview":"max-video-preview:-1"},"canonical":"https:\/\/tenpac.fr\/index.php\/about-us-2\/","og_locale":"fr_FR","og_type":"article","og_title":"A propos - Tenpac","og_description":"LE SPECIALISTE FRANCAIS DES HOUSSES POUR VETEMENTS Une gamme large de housses pour r\u00e9pondre \u00e0 tous vos besoins. Depuis 2006, nous sommes \u00e0 l&rsquo;\u00e9coute de nos clients professionnels et r\u00e9pondons \u00e0 toutes vos demandes sp\u00e9cifiques. Nous s\u00e9lectionnons pour vous les mati\u00e8res et les produits les plus performants pour prot\u00e9ger vos articles. Sp\u00e9cialiste de la housse [&hellip;]","og_url":"https:\/\/tenpac.fr\/index.php\/about-us-2\/","og_site_name":"Tenpac","article_modified_time":"2022-03-29T08:20:43+00:00","twitter_card":"summary_large_image","twitter_misc":{"Dur\u00e9e de lecture estim\u00e9e":"1 minute"},"schema":{"@context":"https:\/\/schema.org","@graph":[{"@type":"WebPage","@id":"https:\/\/tenpac.fr\/index.php\/about-us-2\/","url":"https:\/\/tenpac.fr\/index.php\/about-us-2\/","name":"A propos - Tenpac","isPartOf":{"@id":"https:\/\/tenpac.fr\/#website"},"datePublished":"2018-02-28T07:46:00+00:00","dateModified":"2022-03-29T08:20:43+00:00","breadcrumb":{"@id":"https:\/\/tenpac.fr\/index.php\/about-us-2\/#breadcrumb"},"inLanguage":"fr-FR","potentialAction":[{"@type":"ReadAction","target":["https:\/\/tenpac.fr\/index.php\/about-us-2\/"]}]},{"@type":"BreadcrumbList","@id":"https:\/\/tenpac.fr\/index.php\/about-us-2\/#breadcrumb","itemListElement":[{"@type":"ListItem","position":1,"name":"Accueil","item":"https:\/\/tenpac.fr\/"},{"@type":"ListItem","position":2,"name":"A propos"}]},{"@type":"WebSite","@id":"https:\/\/tenpac.fr\/#website","url":"https:\/\/tenpac.fr\/","name":"Tenpac","description":"Le sp\u00e9cialiste des housses de v\u00eatements","publisher":{"@id":"https:\/\/tenpac.fr\/#organization"},"potentialAction":[{"@type":"SearchAction","target":{"@type":"EntryPoint","urlTemplate":"https:\/\/tenpac.fr\/?s={search_term_string}"},"query-input":{"@type":"PropertyValueSpecification","valueRequired":true,"valueName":"search_term_string"}}],"inLanguage":"fr-FR"},{"@type":"Organization","@id":"https:\/\/tenpac.fr\/#organization","name":"TENPAC","url":"https:\/\/tenpac.fr\/","logo":{"@type":"ImageObject","inLanguage":"fr-FR","@id":"https:\/\/tenpac.fr\/#\/schema\/logo\/image\/","url":"https:\/\/madeleinezu.com\/wp-content\/uploads\/2021\/06\/logojpg.jpg","contentUrl":"https:\/\/madeleinezu.com\/wp-content\/uploads\/2021\/06\/logojpg.jpg","width":156,"height":59,"caption":"TENPAC"},"image":{"@id":"https:\/\/tenpac.fr\/#\/schema\/logo\/image\/"}}]}},"jetpack_sharing_enabled":true,"_links":{"self":[{"href":"https:\/\/tenpac.fr\/index.php\/wp-json\/wp\/v2\/pages\/848","targetHints":{"allow":["GET"]}}],"collection":[{"href":"https:\/\/tenpac.fr\/index.php\/wp-json\/wp\/v2\/pages"}],"about":[{"href":"https:\/\/tenpac.fr\/index.php\/wp-json\/wp\/v2\/types\/page"}],"author":[{"embeddable":true,"href":"https:\/\/tenpac.fr\/index.php\/wp-json\/wp\/v2\/users\/1"}],"replies":[{"embeddable":true,"href":"https:\/\/tenpac.fr\/index.php\/wp-json\/wp\/v2\/comments?post=848"}],"version-history":[{"count":13,"href":"https:\/\/tenpac.fr\/index.php\/wp-json\/wp\/v2\/pages\/848\/revisions"}],"predecessor-version":[{"id":2972,"href":"https:\/\/tenpac.fr\/index.php\/wp-json\/wp\/v2\/pages\/848\/revisions\/2972"}],"wp:attachment":[{"href":"https:\/\/tenpac.fr\/index.php\/wp-json\/wp\/v2\/media?parent=848"}],"curies":[{"name":"wp","href":"https:\/\/api.w.org\/{rel}","templated":true}]}}